
     {"id":17274,"date":"2021-09-15T15:17:56","date_gmt":"2021-09-15T13:17:56","guid":{"rendered":"https:\/\/www.four-forestschool.ch\/your-childs-journey\/"},"modified":"2026-03-01T22:06:40","modified_gmt":"2026-03-01T21:06:40","slug":"die-reise-ihres-kindes","status":"publish","type":"page","link":"https:\/\/www.four-forestschool.ch\/de\/die-reise-ihres-kindes\/","title":{"rendered":"Die Reise Ihres Kindes"},"content":{"rendered":"<div class=\"wpb-content-wrapper\"><p>[vc_row][vc_column]<section  class=\"bg-video-wrap hero section hero--centertext   \" style='background: url(https:\/\/www.four-forestschool.ch\/wp-content\/uploads\/sites\/142\/2024\/07\/DSC_1904-Beatrice-Buhlmann.jpg) center ;background-size:cover ;'>\n                <div class=\"bg-overlay\" style='background:#1f3d36;opacity:0.3;'><\/div>\n                <div class=\"overlay\" >\n                  <div class=\"container-fluid\">\n                    <div class=\"row\">\n                      <div class=\"col-md-12 col-lg-12\">\n\n                        <div class=\"caption text-start\"><div class=\"component sub-heading\" >\n                              <h1 class=\"display-h1\"><b>DIE REISE IHRES KINDES<\/b><\/h1>\n                            <\/div><\/div>\n                      <\/div>\n                    <\/div>\n                  <\/div>\n                <\/div>\n              <\/section><div class='row  m-x-0 breadcrumb-wrap ' style=''><div class='container-fluid' >\n                <nav aria-label='breadcrumb'><ol class=\"breadcrumb mt-3\">\n                  <li class=\"breadcrumb-item\"><a href=\"https:\/\/www.four-forestschool.ch\/de\/\">Home<\/a><\/li>\n                  <li class=\"breadcrumb-item active\" aria-current=\"page\">Die Reise Ihres Kindes<\/li>\n                <\/ol>\n              <\/nav>\n              <\/div>\n            <\/div>[\/vc_column][\/vc_row][vc_row][vc_column]<div class=\"wrapper\"><section  style='' class=\"section    pb-0 container-width \"><div class=\"container-fluid\"><div class=\"row m-0 align-items-center centerText \" >\n                        <div class=\"col-sm-12 col-md-10 col-lg-9 mx-auto\"><div class=\"sub-heading component\">\n                                        <h2 class=\"h5\">Eine spannende Reise f\u00fcr die ganze Familie<\/h2>\n                                    <\/div><div class=\"sub-heading component\"><p>Ganz gleich, in welcher Phase des Schullebens sich Ihr Kind befindet, wir sorgen f\u00fcr einen reibungslosen \u00dcbergang.<\/p>\n<\/div><style>\n                        .flex-button {\n                        margin-top: 25px;\n                    } \n                        \n                    @media (max-width: 767px){\n                     .flex-button {\n                      display: block;\n                      margin-left: 0;\n                    }\n                    .flex-button .text-center{\n                     text-align: left !important;\n                    }\n                    }\n\n\n                        <\/style><\/div><\/div><\/section><\/div>[\/vc_column][\/vc_row][vc_row][vc_column]\n            <div class=\"wrapper\"><section  class=\"section age-school  container-width   pt-0\" style=''>\n                <div class=\"container-fluid \"><div class=\"row m-0 justify-content-center mt-3 text-center\"><div class=\"col-12 col-md-auto order-3 order-md-2 \"><div class=\"component link arrow-padding-top\">\n                            <a class=\"btn btn-primary fixedage-btn no-href-link\" href=\"\">3 - 5 Jahre alt<\/a>\n                             <\/div><\/div><\/div><div class=\"row m-0 one-column pt-4\">\n                                    <div class=\"col-12 col-md-12 col-lg-10 col-xl-8 mx-auto\"><div class=\"component\">\n                                            <div class=\"card card--white\">               <div class=\"d-flex\" >\n                                                    <img decoding=\"async\" src=\"https:\/\/www.four-forestschool.ch\/wp-content\/uploads\/sites\/142\/2024\/07\/DSC_0767-Beatrice-Buhlmann.jpg\" class=\"card-img-top\" alt=\"img\">\n                                                <\/div>               <div class=\"card-body\">                 <div class=\"component link\"><div class=\"component link\"><a href=\"\/de\/erstklaessler\/\" class=\"simple-link h5 btn btn-link\">Vorschule & 1. Kindergarten<\/a><\/div>               <\/div><div class=\"component hash-list d-none flex-fill d-lg-block\">\n                                                        <ul><li>\n                                                                        <p>Four Forest bietet ein hervorragendes Kindergartenprogramm, das die fr\u00fchkindliche Entwicklung in einem zweisprachigen Umfeld f\u00f6rdert.<\/p>\n                                                                    <\/li><\/ul>\n                                                            <\/div><div class=\"component link mt-3  d-none d-lg-block\"><a class=\"btn btn-primary btn-primary--border\" href=\"\/de\/erstklaessler\/\">Weitere Informationen<\/a><\/div>\n                                                    <\/div>\n                                                <\/div>\n                                        <\/div>\n                                    <\/div>\n                                <\/div><div class=\"row m-0 justify-content-center mt-3 text-center\"><div class=\"col-12 col-md-auto order-3 order-md-2 \"><div class=\"component link arrow-padding-top\">\n                            <a class=\"btn btn-primary fixedage-btn no-href-link\" href=\"\">5 - 6 Jahre alt<\/a>\n                             <\/div><\/div><\/div><div class=\"row m-0 one-column pt-4\">\n                                    <div class=\"col-12 col-md-12 col-lg-10 col-xl-8 mx-auto\"><div class=\"component\">\n                                            <div class=\"card card--white\">               <div class=\"d-flex\" >\n                                                    <img decoding=\"async\" src=\"https:\/\/www.four-forestschool.ch\/wp-content\/uploads\/sites\/142\/2024\/07\/DSC_1739-Beatrice-Buhlmann.jpg\" class=\"card-img-top\" alt=\"img\">\n                                                <\/div>               <div class=\"card-body\">                 <div class=\"component link\"><div class=\"component link\"><a href=\"\/de\/zweiter-kindergarten\/\" class=\"simple-link h5 btn btn-link\">2. Kindergarten<\/a><\/div>               <\/div><div class=\"component hash-list d-none flex-fill d-lg-block\">\n                                                        <ul><li>\n                                                                        <p>Wir bieten ein liebevolles, fr\u00f6hliches und anregendes Umfeld, in dem jedes Kind z\u00e4hlt.<\/p>\n                                                                    <\/li><\/ul>\n                                                            <\/div><div class=\"component link mt-3  d-none d-lg-block\"><a class=\"btn btn-primary btn-primary--border\" href=\"\/de\/zweiter-kindergarten\/\">Weitere Informationen<\/a><\/div>\n                                                    <\/div>\n                                                <\/div>\n                                        <\/div>\n                                    <\/div>\n                                <\/div><div class=\"row m-0 justify-content-center mt-3 text-center\"><div class=\"col-12 col-md-auto order-3 order-md-2 \"><div class=\"component link arrow-padding-top\">\n                            <a class=\"btn btn-primary fixedage-btn no-href-link\" href=\"\">6 - 12 Jahre alt<\/a>\n                             <\/div><\/div><\/div><div class=\"row m-0 one-column pt-4\">\n                                    <div class=\"col-12 col-md-12 col-lg-10 col-xl-8 mx-auto\"><div class=\"component\">\n                                            <div class=\"card card--white\">               <div class=\"d-flex\" >\n                                                    <img decoding=\"async\" src=\"https:\/\/www.four-forestschool.ch\/wp-content\/uploads\/sites\/142\/2024\/07\/DSC_1514-Beatrice-Buhlmann.jpg\" class=\"card-img-top\" alt=\"img\">\n                                                <\/div>               <div class=\"card-body\">                 <div class=\"component link\"><div class=\"component link\"><a href=\"\/de\/primarschule\/\" class=\"simple-link h5 btn btn-link\">Primarschule<\/a><\/div>               <\/div><div class=\"component hash-list d-none flex-fill d-lg-block\">\n                                                        <ul><li>\n                                                                        <p>Die Sch\u00fclerinnen und Sch\u00fcler unserer Primarschule lernen zweisprachig, wobei eine Woche auf Englisch und eine Woche auf Deutsch unterrichtet wird.<\/p>\n                                                                    <\/li><li>\n                                                                        <p>Nach dem Schweizer Lehrplan 21 haben unsere Sch\u00fclerinnen und Sch\u00fcler den zus\u00e4tzlichen Vorteil, dass der Englischunterricht nach dem britischen Lehrplan erfolgt.<\/p>\n                                                                    <\/li><\/ul>\n                                                            <\/div><div class=\"component link mt-3  d-none d-lg-block\"><a class=\"btn btn-primary btn-primary--border\" href=\"\/de\/primarschule\/\">Weitere Informationen<\/a><\/div>\n                                                    <\/div>\n                                                <\/div>\n                                        <\/div>\n                                    <\/div>\n                                <\/div><div class=\"row m-0 justify-content-center mt-3 text-center\"><div class=\"col-12 col-md-auto order-3 order-md-2 \"><div class=\"component link arrow-padding-top\">\n                            <a class=\"btn btn-primary fixedage-btn no-href-link\" href=\"\">12 - 15 Jahre alt<\/a>\n                             <\/div><\/div><\/div><div class=\"row m-0 one-column pt-4\">\n                                    <div class=\"col-12 col-md-12 col-lg-10 col-xl-8 mx-auto\"><div class=\"component\">\n                                            <div class=\"card card--white\">               <div class=\"d-flex\" >\n                                                    <img decoding=\"async\" src=\"https:\/\/www.four-forestschool.ch\/wp-content\/uploads\/sites\/142\/2024\/07\/DSC_1263-Beatrice-Buhlmann.jpg\" class=\"card-img-top\" alt=\"img\">\n                                                <\/div>               <div class=\"card-body\">                 <div class=\"component link\"><div class=\"component link\"><a href=\"\/de\/sekundarschule\/\" class=\"simple-link h5 btn btn-link\">Oberstufe (Sek I)<\/a><\/div>               <\/div><div class=\"component hash-list d-none flex-fill d-lg-block\">\n                                                        <ul><li>\n                                                                        <p>Unsere Sekundarschule richtet sich an Sch\u00fclerinnen und Sch\u00fcler der Klassen 7-9 (Sekundarstufe 1, 2 und 3) und folgt dem Schweizer Lehrplan 21.<\/p>\n                                                                    <\/li><li>\n                                                                        <p>Jedem Fach ist eine Lernsprache (Englisch oder Deutsch) zugeordnet, was auf unserem zweisprachigen Primarschulkonzept aufbaut.<\/p>\n                                                                    <\/li><\/ul>\n                                                            <\/div><div class=\"component link mt-3  d-none d-lg-block\"><a class=\"btn btn-primary btn-primary--border\" href=\"\/de\/sekundarschule\/\">Weitere Informationen<\/a><\/div>\n                                                    <\/div>\n                                                <\/div>\n                                        <\/div>\n                                    <\/div>\n                                <\/div><\/div>\n        <\/section>\n            <\/div>[\/vc_column][\/vc_row][vc_row][vc_column]<div class=\"wrapper\"><section  style='' class=\"section    pb-0 container-width \"><div class=\"container-fluid\"><div class=\"row m-0 align-items-center centerText \" >\n                        <div class=\"col-sm-12 col-md-10 col-lg-9 mx-auto\"><div class=\"sub-heading component\">\n                                        <h2 class=\"h5\">N\u00e4chste Schritte<\/h2>\n                                    <\/div><div class=\"sub-heading component\"><\/div><style>\n                        .flex-button {\n                        margin-top: 25px;\n                    } \n                        \n                    @media (max-width: 767px){\n                     .flex-button {\n                      display: block;\n                      margin-left: 0;\n                    }\n                    .flex-button .text-center{\n                     text-align: left !important;\n                    }\n                    }\n\n\n                        <\/style><\/div><\/div><\/section><\/div><div class=\"wrapper\"><section  class=\"section  container-width next-step-four pt-0 middle-section \" style=''><div class=\"container-fluid \" ><style>\n            .background-box .heading .h5:after {\n                display:none;\n            }\n            <\/style><div class=\"row m-0 justify-content-center pt-3 pt-md-3\"><style>\n                .thumbnail_img_overlay_1159 .callout-img.halfcol--img .img-overlay {\n                    background: rgba(173,204,145,0.4);\n                    \n                }\n\n                .thumbnail_img_overlay_1159 .tech-images .callout-img.halfcol--img {\n                    background: rgba(173,204,145,0.4);\n                    \n                }\n\n                <\/style><div class=\"col-lg-3 col-md-3 col-sm-3 mb-3 pb-2\">\n                            <div class=\"card card--white tech-images next-steps-module  thumbnail_img_overlay_1159\">   <a class=\"\" href = \"\/de\/offene-tage-besichtigungen\/\" ><div class=\"ratio ratio-21x9 callout-img halfcol--img leftBottom-content\" style=\"background-image: url(https:\/\/www.four-forestschool.ch\/wp-content\/uploads\/sites\/142\/2024\/07\/DSC_1480-Beatrice-Buhlmann.jpg);background-position:center;\">\n                                 \n                                 <div class=\"img-overlay \">\n                                 \n                                     <div class=\"heading component\">\n                                        <h5 class=\"h5\" >Besichtigungen<\/h5>\n                                     <\/div>\n                                   \n                                \n                             <\/div>\n                                 \n                                 <\/div><\/a>\n                            <\/div>\n                        <\/div><style>\n                .thumbnail_img_overlay_7219 .callout-img.halfcol--img .img-overlay {\n                    background: rgba(173,204,145,0.4);\n                    \n                }\n\n                .thumbnail_img_overlay_7219 .tech-images .callout-img.halfcol--img {\n                    background: rgba(173,204,145,0.4);\n                    \n                }\n\n                <\/style><div class=\"col-lg-3 col-md-3 col-sm-3 mb-3 pb-2\">\n                            <div class=\"card card--white tech-images next-steps-module  thumbnail_img_overlay_7219\">   <a class=\"\" href = \"\/de\/akademische-exzellenz\/\" ><div class=\"ratio ratio-21x9 callout-img halfcol--img leftBottom-content\" style=\"background-image: url(https:\/\/www.four-forestschool.ch\/wp-content\/uploads\/sites\/142\/2024\/07\/DSC_1281-Beatrice-Buhlmann.jpg);background-position:center;\">\n                                 \n                                 <div class=\"img-overlay \">\n                                 \n                                     <div class=\"heading component\">\n                                        <h5 class=\"h5\" >Akademische Exzellenz<\/h5>\n                                     <\/div>\n                                   \n                                \n                             <\/div>\n                                 \n                                 <\/div><\/a>\n                            <\/div>\n                        <\/div><style>\n                .thumbnail_img_overlay_1280 .callout-img.halfcol--img .img-overlay {\n                    background: rgba(173,204,145,0.4);\n                    \n                }\n\n                .thumbnail_img_overlay_1280 .tech-images .callout-img.halfcol--img {\n                    background: rgba(173,204,145,0.4);\n                    \n                }\n\n                <\/style><div class=\"col-lg-3 col-md-3 col-sm-3 mb-3 pb-2\">\n                            <div class=\"card card--white tech-images next-steps-module  thumbnail_img_overlay_1280\">   <a class=\"\" href = \"\/de\/anlagen-lage\/\" ><div class=\"ratio ratio-21x9 callout-img halfcol--img leftBottom-content\" style=\"background-image: url(https:\/\/www.four-forestschool.ch\/wp-content\/uploads\/sites\/142\/2024\/07\/DSC_1771-Beatrice-Buhlmann.jpg);background-position:center;\">\n                                 \n                                 <div class=\"img-overlay \">\n                                 \n                                     <div class=\"heading component\">\n                                        <h5 class=\"h5\" >Einrichtungen & Standort<\/h5>\n                                     <\/div>\n                                   \n                                \n                             <\/div>\n                                 \n                                 <\/div><\/a>\n                            <\/div>\n                        <\/div><style>\n                .thumbnail_img_overlay_6761 .callout-img.halfcol--img .img-overlay {\n                    background: rgba(173,204,145,0.4);\n                    \n                }\n\n                .thumbnail_img_overlay_6761 .tech-images .callout-img.halfcol--img {\n                    background: rgba(173,204,145,0.4);\n                    \n                }\n\n                <\/style><div class=\"col-lg-3 col-md-3 col-sm-3 mb-3 pb-2\">\n                            <div class=\"card card--white tech-images next-steps-module  thumbnail_img_overlay_6761\">   <a class=\"\" href = \"\/de\/zulassungsprozess\/\" ><div class=\"ratio ratio-21x9 callout-img halfcol--img leftBottom-content\" style=\"background-image: url(https:\/\/www.four-forestschool.ch\/wp-content\/uploads\/sites\/142\/2024\/07\/DSC_1814-Beatrice-Buhlmann.jpg);background-position:center;\">\n                                 \n                                 <div class=\"img-overlay \">\n                                 \n                                     <div class=\"heading component\">\n                                        <h5 class=\"h5\" >Aufnahme<\/h5>\n                                     <\/div>\n                                   \n                                \n                             <\/div>\n                                 \n                                 <\/div><\/a>\n                            <\/div>\n                        <\/div><\/div><\/div>\n            <\/section><\/div>[\/vc_column][\/vc_row]<\/p>\n<\/div>","protected":false},"excerpt":{"rendered":"<p>[vc_row][vc_column][\/vc_column][\/vc_row][vc_row][vc_column][\/vc_column][\/vc_row][vc_row][vc_column][\/vc_column][\/vc_row][vc_row][vc_column][\/vc_column][\/vc_row]<\/p>\n","protected":false},"author":390,"featured_media":0,"parent":0,"menu_order":51,"comment_status":"closed","ping_status":"closed","template":"","meta":{"_acf_changed":false,"footnotes":""},"class_list":["post-17274","page","type-page","status-publish","hentry"],"acf":[],"yoast_head":"<!-- This site is optimized with the Yoast SEO plugin v27.4 - https:\/\/yoast.com\/product\/yoast-seo-wordpress\/ -->\n<title>Die Reise deines Kindes - Four Forest<\/title>\n<meta name=\"description\" content=\"Begleiten Sie Ihr Kind auf seinem Bildungsweg in Four Forest, wo individuelle Lernwege die einzigartige Entwicklung jedes Sch\u00fclers unterst\u00fctzen.\" \/>\n<meta name=\"robots\" content=\"index, follow, max-snippet:-1, max-image-preview:large, max-video-preview:-1\" \/>\n<link rel=\"canonical\" href=\"https:\/\/www.four-forestschool.ch\/de\/die-reise-ihres-kindes\/\" \/>\n<meta property=\"og:locale\" content=\"de_DE\" \/>\n<meta property=\"og:type\" content=\"article\" \/>\n<meta property=\"og:title\" content=\"Die Reise deines Kindes - Four Forest\" \/>\n<meta property=\"og:description\" content=\"Begleiten Sie Ihr Kind auf seinem Bildungsweg in Four Forest, wo individuelle Lernwege die einzigartige Entwicklung jedes Sch\u00fclers unterst\u00fctzen.\" \/>\n<meta property=\"og:url\" content=\"https:\/\/www.four-forestschool.ch\/de\/die-reise-ihres-kindes\/\" \/>\n<meta property=\"og:site_name\" content=\"Four Forest Bilingual International School\" \/>\n<meta property=\"article:publisher\" content=\"https:\/\/www.facebook.com\/61566364066957\" \/>\n<meta property=\"article:modified_time\" content=\"2026-03-01T21:06:40+00:00\" \/>\n<meta name=\"twitter:card\" content=\"summary_large_image\" \/>\n<meta name=\"twitter:label1\" content=\"Est. reading time\" \/>\n\t<meta name=\"twitter:data1\" content=\"1 minute\" \/>\n<script type=\"application\/ld+json\" class=\"yoast-schema-graph\">{\"@context\":\"https:\\\/\\\/schema.org\",\"@graph\":[{\"@type\":\"WebPage\",\"@id\":\"https:\\\/\\\/www.four-forestschool.ch\\\/de\\\/die-reise-ihres-kindes\\\/\",\"url\":\"https:\\\/\\\/www.four-forestschool.ch\\\/de\\\/die-reise-ihres-kindes\\\/\",\"name\":\"Die Reise deines Kindes - Four Forest\",\"isPartOf\":{\"@id\":\"https:\\\/\\\/www.four-forestschool.ch\\\/de\\\/#website\"},\"datePublished\":\"2021-09-15T13:17:56+00:00\",\"dateModified\":\"2026-03-01T21:06:40+00:00\",\"description\":\"Begleiten Sie Ihr Kind auf seinem Bildungsweg in Four Forest, wo individuelle Lernwege die einzigartige Entwicklung jedes Sch\u00fclers unterst\u00fctzen.\",\"breadcrumb\":{\"@id\":\"https:\\\/\\\/www.four-forestschool.ch\\\/de\\\/die-reise-ihres-kindes\\\/#breadcrumb\"},\"inLanguage\":\"de-DE\",\"potentialAction\":[{\"@type\":\"ReadAction\",\"target\":[\"https:\\\/\\\/www.four-forestschool.ch\\\/de\\\/die-reise-ihres-kindes\\\/\"]}]},{\"@type\":\"BreadcrumbList\",\"@id\":\"https:\\\/\\\/www.four-forestschool.ch\\\/de\\\/die-reise-ihres-kindes\\\/#breadcrumb\",\"itemListElement\":[{\"@type\":\"ListItem\",\"position\":1,\"name\":\"Home\",\"item\":\"https:\\\/\\\/www.four-forestschool.ch\\\/de\\\/\"},{\"@type\":\"ListItem\",\"position\":2,\"name\":\"Die Reise Ihres Kindes\"}]},{\"@type\":\"WebSite\",\"@id\":\"https:\\\/\\\/www.four-forestschool.ch\\\/de\\\/#website\",\"url\":\"https:\\\/\\\/www.four-forestschool.ch\\\/de\\\/\",\"name\":\"FOUR FOREST Bilingual International School\",\"description\":\"Four Forest Bilingual International School Luzern and Zug.\",\"publisher\":{\"@id\":\"https:\\\/\\\/www.four-forestschool.ch\\\/de\\\/#organization\"},\"potentialAction\":[{\"@type\":\"SearchAction\",\"target\":{\"@type\":\"EntryPoint\",\"urlTemplate\":\"https:\\\/\\\/www.four-forestschool.ch\\\/de\\\/?s={search_term_string}\"},\"query-input\":{\"@type\":\"PropertyValueSpecification\",\"valueRequired\":true,\"valueName\":\"search_term_string\"}}],\"inLanguage\":\"de-DE\"},{\"@type\":\"Organization\",\"@id\":\"https:\\\/\\\/www.four-forestschool.ch\\\/de\\\/#organization\",\"name\":\"FOUR FOREST Bilingual International School\",\"url\":\"https:\\\/\\\/www.four-forestschool.ch\\\/de\\\/\",\"logo\":{\"@type\":\"ImageObject\",\"inLanguage\":\"de-DE\",\"@id\":\"https:\\\/\\\/www.four-forestschool.ch\\\/de\\\/#\\\/schema\\\/logo\\\/image\\\/\",\"url\":\"https:\\\/\\\/www.four-forestschool.ch\\\/wp-content\\\/uploads\\\/sites\\\/142\\\/2024\\\/09\\\/FFS_DGreenLogo_Horizontal.png\",\"contentUrl\":\"https:\\\/\\\/www.four-forestschool.ch\\\/wp-content\\\/uploads\\\/sites\\\/142\\\/2024\\\/09\\\/FFS_DGreenLogo_Horizontal.png\",\"width\":1375,\"height\":283,\"caption\":\"FOUR FOREST Bilingual International School\"},\"image\":{\"@id\":\"https:\\\/\\\/www.four-forestschool.ch\\\/de\\\/#\\\/schema\\\/logo\\\/image\\\/\"},\"sameAs\":[\"https:\\\/\\\/www.facebook.com\\\/61566364066957\",\"https:\\\/\\\/www.instagram.com\\\/fourforestschools\\\/\",\"https:\\\/\\\/ch.linkedin.com\\\/company\\\/four-forest-bilingual-international-school\"]}]}<\/script>\n<!-- \/ Yoast SEO plugin. -->","yoast_head_json":{"title":"Die Reise deines Kindes - Four Forest","description":"Begleiten Sie Ihr Kind auf seinem Bildungsweg in Four Forest, wo individuelle Lernwege die einzigartige Entwicklung jedes Sch\u00fclers unterst\u00fctzen.","robots":{"index":"index","follow":"follow","max-snippet":"max-snippet:-1","max-image-preview":"max-image-preview:large","max-video-preview":"max-video-preview:-1"},"canonical":"https:\/\/www.four-forestschool.ch\/de\/die-reise-ihres-kindes\/","og_locale":"de_DE","og_type":"article","og_title":"Die Reise deines Kindes - Four Forest","og_description":"Begleiten Sie Ihr Kind auf seinem Bildungsweg in Four Forest, wo individuelle Lernwege die einzigartige Entwicklung jedes Sch\u00fclers unterst\u00fctzen.","og_url":"https:\/\/www.four-forestschool.ch\/de\/die-reise-ihres-kindes\/","og_site_name":"Four Forest Bilingual International School","article_publisher":"https:\/\/www.facebook.com\/61566364066957","article_modified_time":"2026-03-01T21:06:40+00:00","twitter_card":"summary_large_image","twitter_misc":{"Est. reading time":"1 minute"},"schema":{"@context":"https:\/\/schema.org","@graph":[{"@type":"WebPage","@id":"https:\/\/www.four-forestschool.ch\/de\/die-reise-ihres-kindes\/","url":"https:\/\/www.four-forestschool.ch\/de\/die-reise-ihres-kindes\/","name":"Die Reise deines Kindes - Four Forest","isPartOf":{"@id":"https:\/\/www.four-forestschool.ch\/de\/#website"},"datePublished":"2021-09-15T13:17:56+00:00","dateModified":"2026-03-01T21:06:40+00:00","description":"Begleiten Sie Ihr Kind auf seinem Bildungsweg in Four Forest, wo individuelle Lernwege die einzigartige Entwicklung jedes Sch\u00fclers unterst\u00fctzen.","breadcrumb":{"@id":"https:\/\/www.four-forestschool.ch\/de\/die-reise-ihres-kindes\/#breadcrumb"},"inLanguage":"de-DE","potentialAction":[{"@type":"ReadAction","target":["https:\/\/www.four-forestschool.ch\/de\/die-reise-ihres-kindes\/"]}]},{"@type":"BreadcrumbList","@id":"https:\/\/www.four-forestschool.ch\/de\/die-reise-ihres-kindes\/#breadcrumb","itemListElement":[{"@type":"ListItem","position":1,"name":"Home","item":"https:\/\/www.four-forestschool.ch\/de\/"},{"@type":"ListItem","position":2,"name":"Die Reise Ihres Kindes"}]},{"@type":"WebSite","@id":"https:\/\/www.four-forestschool.ch\/de\/#website","url":"https:\/\/www.four-forestschool.ch\/de\/","name":"FOUR FOREST Bilingual International School","description":"Four Forest Bilingual International School Luzern and Zug.","publisher":{"@id":"https:\/\/www.four-forestschool.ch\/de\/#organization"},"potentialAction":[{"@type":"SearchAction","target":{"@type":"EntryPoint","urlTemplate":"https:\/\/www.four-forestschool.ch\/de\/?s={search_term_string}"},"query-input":{"@type":"PropertyValueSpecification","valueRequired":true,"valueName":"search_term_string"}}],"inLanguage":"de-DE"},{"@type":"Organization","@id":"https:\/\/www.four-forestschool.ch\/de\/#organization","name":"FOUR FOREST Bilingual International School","url":"https:\/\/www.four-forestschool.ch\/de\/","logo":{"@type":"ImageObject","inLanguage":"de-DE","@id":"https:\/\/www.four-forestschool.ch\/de\/#\/schema\/logo\/image\/","url":"https:\/\/www.four-forestschool.ch\/wp-content\/uploads\/sites\/142\/2024\/09\/FFS_DGreenLogo_Horizontal.png","contentUrl":"https:\/\/www.four-forestschool.ch\/wp-content\/uploads\/sites\/142\/2024\/09\/FFS_DGreenLogo_Horizontal.png","width":1375,"height":283,"caption":"FOUR FOREST Bilingual International School"},"image":{"@id":"https:\/\/www.four-forestschool.ch\/de\/#\/schema\/logo\/image\/"},"sameAs":["https:\/\/www.facebook.com\/61566364066957","https:\/\/www.instagram.com\/fourforestschools\/","https:\/\/ch.linkedin.com\/company\/four-forest-bilingual-international-school"]}]}},"jetpack_sharing_enabled":true,"_links":{"self":[{"href":"https:\/\/www.four-forestschool.ch\/de\/wp-json\/wp\/v2\/pages\/17274","targetHints":{"allow":["GET"]}}],"collection":[{"href":"https:\/\/www.four-forestschool.ch\/de\/wp-json\/wp\/v2\/pages"}],"about":[{"href":"https:\/\/www.four-forestschool.ch\/de\/wp-json\/wp\/v2\/types\/page"}],"author":[{"embeddable":true,"href":"https:\/\/www.four-forestschool.ch\/de\/wp-json\/wp\/v2\/users\/390"}],"replies":[{"embeddable":true,"href":"https:\/\/www.four-forestschool.ch\/de\/wp-json\/wp\/v2\/comments?post=17274"}],"version-history":[{"count":21,"href":"https:\/\/www.four-forestschool.ch\/de\/wp-json\/wp\/v2\/pages\/17274\/revisions"}],"predecessor-version":[{"id":20623,"href":"https:\/\/www.four-forestschool.ch\/de\/wp-json\/wp\/v2\/pages\/17274\/revisions\/20623"}],"wp:attachment":[{"href":"https:\/\/www.four-forestschool.ch\/de\/wp-json\/wp\/v2\/media?parent=17274"}],"curies":[{"name":"wp","href":"https:\/\/api.w.org\/{rel}","templated":true}]}}