
     {"id":17354,"date":"2021-09-28T14:12:25","date_gmt":"2021-09-28T12:12:25","guid":{"rendered":"https:\/\/www.four-forestschool.ch\/open-days-and-visits\/"},"modified":"2025-12-04T21:01:25","modified_gmt":"2025-12-04T20:01:25","slug":"offene-tage-besichtigungen","status":"publish","type":"page","link":"https:\/\/www.four-forestschool.ch\/de\/offene-tage-besichtigungen\/","title":{"rendered":"Offene Tage &#038; Besichtigungen"},"content":{"rendered":"<div class=\"wpb-content-wrapper\"><p>[vc_row][vc_column]<section  class=\"bg-video-wrap hero section hero--centertext   \" style='background: url(https:\/\/www.four-forestschool.ch\/wp-content\/uploads\/sites\/142\/2024\/07\/DSC_1867-Beatrice-Buhlmann.jpg) center ;background-size:cover ;'>\n                <div class=\"bg-overlay\" style='background:#1f3d36;opacity:0.3;'><\/div>\n                <div class=\"overlay\" >\n                  <div class=\"container-fluid\">\n                    <div class=\"row\">\n                      <div class=\"col-md-12 col-lg-12\">\n\n                        <div class=\"caption text-start\"><div class=\"component sub-heading\" >\n                              <h1 class=\"display-h1\"><b>TAG DER OFFENEN T\u00dcR UND BESICHTIGUNGEN<\/b><\/h1>\n                            <\/div><\/div>\n                      <\/div>\n                    <\/div>\n                  <\/div>\n                <\/div>\n              <\/section><div class='row  m-x-0 breadcrumb-wrap ' style=''><div class='container-fluid' >\n                <nav aria-label='breadcrumb'><ol class=\"breadcrumb mt-3\">\n                  <li class=\"breadcrumb-item\"><a href=\"https:\/\/www.four-forestschool.ch\/de\/\">Home<\/a><\/li>\n                  <li class=\"breadcrumb-item active\" aria-current=\"page\">Offene Tage &#038; Besichtigungen<\/li>\n                <\/ol>\n              <\/nav>\n              <\/div>\n            <\/div>[\/vc_column][\/vc_row][vc_row][vc_column]\n            <div class=\"wrapper\">\n    <section  style='' class=\"section    container-width pb-0   \" ><div class=\"container-fluid\"><div class=\"row\">\n                <div class=\"col-md-12 col-lg-10\">  <div class=\"component title\">\n                                        <p class=\"body-small\">Tag der offenen T\u00fcr<\/p>\n                                    <\/div><\/div>\n                <\/div><div class=\"row    \"><div class=\" col-lg-6 col-md-6      \" ><div class=\"component mb-1 mt-0  radius-bottom-LR \" style='px'><div class=\"sub-heading component\"><h2  class=\"h6  \">Four Forest Tag der offenen T\u00fcr<\/h2><\/div>\n                        <div class=\"sub-heading component \">\n                        <p class=\"body-medium\"><b>Four Forest Zug<\/b><br \/>\nBesuchen Sie uns am 19. M\u00e4rz 2026 von 9:00 bis 12:00 Uhr zu unserem Tag der offenen T\u00fcr in Zug. Entdecken Sie unseren Campus, lernen Sie unsere Lehrpersonen sowie die Schulleitung kennen und erfahren Sie, wie unser zweisprachiges Programm vielf\u00e4ltige Bildungswege vom Vorschulalter bis zur Sekundarstufe er\u00f6ffnet. Erleben Sie die herzliche und einladende Gemeinschaft, die Four Forest auszeichnet.<br \/>\n<br \/>\n<b>Four Forest Luzern<\/b><br \/>\nBesuchen Sie uns am 26. M\u00e4rz 2026 von 9:00 bis 12:00 Uhr zu unserem Tag der offenen T\u00fcr in Luzern. Familien haben die M\u00f6glichkeit, unsere Klassenr\u00e4ume zu erkunden, Lehrpersonen zu treffen und zu erfahren, wie sowohl unser zweisprachiger Unterricht als auch die deutschsprachige Sekundarschule (LMS) die Entwicklung und den Erfolg der Sch\u00fclerinnen und Sch\u00fcler f\u00f6rdern. Lernen Sie unsere famili\u00e4re Gemeinschaft kennen und entdecken Sie, was Four Forest einzigartig macht.<\/p>\n                        <\/div><\/div><div class=\"component link\"><a href=\"https:\/\/www.four-forestschool.ch\/de\/buchen-sie-eine-veranstaltung\/\" class=\" btn btn-primary\" target=\"_blank\">Jetzt f\u00fcr den Tag der offenen T\u00fcr anmelden<\/a><\/div><\/div>\n                    <div class=\"col-lg-6 col-md-6    \"><div class=\"component single-img \"><div class=\"ratio ratio-16x9 callout-img halfcol--img image_overlay_4138\" style=\"background-image: url(https:\/\/www.four-forestschool.ch\/wp-content\/uploads\/sites\/142\/2025\/07\/IMG_1091.jpeg);\"><\/div><\/div> <\/div>\n             <\/div>\n        <\/div>\n<\/section>\n            <\/div>\n            <div class=\"wrapper\">\n    <section  id=\"Book a Private Tour\"  style='' class=\"section    container-width    \" ><div class=\"container-fluid\"><div class=\"row\">\n                <div class=\"col-md-12 col-lg-10\">  <div class=\"component title\">\n                                        <p class=\"body-small\">Pers\u00f6nliche F\u00fchrungen<\/p>\n                                    <\/div><\/div>\n                <\/div><div class=\"row    \"><div class=\" col-lg-6 col-md-6      \" ><div class=\"component   radius-bottom-LR \" style='px'><div class=\"sub-heading component\"><h2  class=\"h6  \">Erleben Sie unsere Schulen aus erster Hand \u2013 bei einer privaten Tour.<\/h2><\/div>\n                        <div class=\"sub-heading component \">\n                        <p class=\"body-medium\">Nutzen Sie die Gelegenheit, unsere Schulleitungen kennenzulernen, einen klaren Einblick in unser Curriculum zu erhalten und Ihre Fragen direkt zu stellen.<br \/>\n<br \/>\nW\u00e4hrend der F\u00fchrung gewinnen Sie einen pers\u00f6nlichen Eindruck von der f\u00fcrsorglichen und modernen Lernumgebung, die wir f\u00fcr unsere Sch\u00fclerinnen und Sch\u00fcler schaffen. Interessierte Kinder und Jugendliche sind zudem herzlich eingeladen, an einem Schnuppertag teilzunehmen und ihren m\u00f6glichen neuen Schulalltag aus n\u00e4chster N\u00e4he zu erleben.<\/p>\n                        <\/div><\/div><div class=\"component link\"><a href=\"https:\/\/www.four-forestschool.ch\/de\/eine-schultour-buchen\/\" class=\" btn btn-primary\" target=\"_blank\">Besuchen Sie uns, um mehr zu erfahren<\/a><\/div><\/div>\n                    <div class=\"col-lg-6 col-md-6    \"><div class=\"component single-img \"><div class=\"ratio ratio-4x3 callout-img halfcol--img image_overlay_3928\" style=\"background-image: url(https:\/\/www.four-forestschool.ch\/wp-content\/uploads\/sites\/142\/2024\/10\/IMG_7770.jpg);\"><\/div><\/div> <\/div>\n             <\/div>\n        <\/div>\n<\/section>\n            <\/div><div class=\"wrapper\"><section  style='' class=\"section    pt-0 pb-0 container-width \"><div class=\"container-fluid\"><div class=\"row m-0 align-items-center centerText \" >\n                        <div class=\"col-sm-12 col-md-10 col-lg-9 mx-auto\"><div class=\"sub-heading component\">\n                                        <h2 class=\"h5\">H\u00e4ufig gestellte Fragen<\/h2>\n                                    <\/div><div class=\"sub-heading component\"><p>Um unseren Besuchern und neuen Familien zu helfen, haben wir Antworten auf einige h\u00e4ufig gestellte Fragen zusammengestellt, damit Sie alle wichtigen Informationen erhalten und die Anmeldung so einfach wie m\u00f6glich ist.<\/p>\n<\/div><div class=\"flex-button\"><\/div><style>\n                        .flex-button {\n                        margin-top: 25px;\n                    } \n                        \n                    @media (max-width: 767px){\n                     .flex-button {\n                      display: block;\n                      margin-left: 0;\n                    }\n                    .flex-button .text-center{\n                     text-align: left !important;\n                    }\n                    }\n\n\n                        <\/style><\/div><\/div><\/section><\/div>\n            <div class=\"wrapper\"><section  class=\"section  container-width   pt-0 pb-0\" style=''>\n                <div class=\"container-fluid\">\n                    <div class=\"row m-0\">\n                        <div class=\"col-md-12\">\n                            <div class=\"component\">\n                                <div class=\"accordion\" id=\"accordion\"><div class=\"accordion-item\">\n                                  <div class=\"h2 accordion-header\" id=\"heading1\">\n                                    <button class=\"accordion-button\" type=\"button\" data-bs-toggle=\"collapse\" data-bs-target=\"#collapse1\" aria-expanded=\"false\" aria-controls=\"collapse1\">\n                                      Wann kann ich die Schule am Tag der offenen T\u00fcr besichtigen?\n                                    <\/button>\n                                  <\/div>\n                                  <div id=\"collapse1\" class=\"accordion-collapse collapse\" aria-labelledby=\"heading1\" data-bs-parent=\"#accordion\">\n                                    <div class=\"accordion-body\"> <div class=\"component\">\n                                            <p class=\"body-medium\">Besuchen Sie uns zwischen\n<br><br>\n09:00 \u2013 12:00 Uhr\n\n\n<\/p>\n                                        <\/div><div class=\"component link\"><div class=\"component link\"><a href=\"\/de\/buchen-sie-eine-veranstaltung\/\" class=\" btn btn-link\">Bitte melden Sie sich hier an<\/a><\/div> <\/div><\/div>\n                                <\/div>\n                            <\/div><div class=\"accordion-item\">\n                                  <div class=\"h2 accordion-header\" id=\"heading2\">\n                                    <button class=\"accordion-button\" type=\"button\" data-bs-toggle=\"collapse\" data-bs-target=\"#collapse2\" aria-expanded=\"false\" aria-controls=\"collapse2\">\n                                      Soll ich mein Kind mitbringen?\n                                    <\/button>\n                                  <\/div>\n                                  <div id=\"collapse2\" class=\"accordion-collapse collapse\" aria-labelledby=\"heading2\" data-bs-parent=\"#accordion\">\n                                    <div class=\"accordion-body\"> <div class=\"component\">\n                                            <p class=\"body-medium\">Sie sind herzlich willkommen, uns mit oder ohne Ihr Kind zu besuchen. Egal, ob Sie 20 Minuten oder eine Stunde Zeit haben, wir richten uns gerne nach Ihren Bed\u00fcrfnissen.<\/p>\n                                        <\/div><\/div>\n                                <\/div>\n                            <\/div><div class=\"accordion-item\">\n                                  <div class=\"h2 accordion-header\" id=\"heading3\">\n                                    <button class=\"accordion-button\" type=\"button\" data-bs-toggle=\"collapse\" data-bs-target=\"#collapse3\" aria-expanded=\"false\" aria-controls=\"collapse3\">\n                                      Was erwartet mich am Tag der offenen T\u00fcr?\n                                    <\/button>\n                                  <\/div>\n                                  <div id=\"collapse3\" class=\"accordion-collapse collapse\" aria-labelledby=\"heading3\" data-bs-parent=\"#accordion\">\n                                    <div class=\"accordion-body\"> <div class=\"component\">\n                                            <p class=\"body-medium\">Nach Ihrer Ankunft am Tag der offenen T\u00fcr und einer Tasse Kaffee oder Tee (sowie einer kleinen Leckerei) f\u00fchren wir Sie durch die Schule. W\u00e4hrend der Tour haben Sie die M\u00f6glichkeit:\n<br>\n<br>\n\u2022 Unterricht in Aktion zu sehen.<br>\n\u2022 Unser wunderbares Team kennenzulernen.\n<br>\n<br>\nDie F\u00fchrungen werden je nach Wunsch in <b>Deutsch oder Englisch<\/b> durchgef\u00fchrt, damit Sie sich wohlf\u00fchlen und den Besuch optimal nutzen k\u00f6nnen.\n\nAm Ende Ihres Besuchs k\u00f6nnen Sie sich gerne eine \u201eGoodie-Bag\u201c mitnehmen. Diese enth\u00e4lt alle wichtigen Informationen, wie z. B. unsere Geb\u00fchrenstruktur, Nachmittagsangebote, Verpflegungsinformationen und vieles mehr.\n<\/p>\n                                        <\/div><\/div>\n                                <\/div>\n                            <\/div><div class=\"accordion-item\">\n                                  <div class=\"h2 accordion-header\" id=\"heading4\">\n                                    <button class=\"accordion-button\" type=\"button\" data-bs-toggle=\"collapse\" data-bs-target=\"#collapse4\" aria-expanded=\"false\" aria-controls=\"collapse4\">\n                                      Wo ist der Campus in Zug und wie komme ich dorthin?\n                                    <\/button>\n                                  <\/div>\n                                  <div id=\"collapse4\" class=\"accordion-collapse collapse\" aria-labelledby=\"heading4\" data-bs-parent=\"#accordion\">\n                                    <div class=\"accordion-body\"> <div class=\"component\">\n                                            <p class=\"body-medium\">Unsere Schule in Zug befindet sich an der <b>Chollerstrasse 23, Steinhausen, Zug (2. Stock).<\/b>\n<br>\n<br>\n<b>Mit dem Auto:<\/b> Besucherparkpl\u00e4tze stehen vor dem Geb\u00e4ude zur Verf\u00fcgung.<br><br>\n<b>Mit den \u00f6ffentlichen Verkehrsmitteln:<\/b> Die Schule ist nur wenige Gehminuten entfernt von:<br><br>\n\u2022 Bushaltestellen: <b>Zug Ammannsmatt<\/b> oder <b>Steinhausen Sumpfstrasse Zug.<\/b><br><br>\n\u2022 Bahnhof: <b>Zug Chollerm\u00fclli.<\/b>\n<\/p>\n                                        <\/div><\/div>\n                                <\/div>\n                            <\/div><div class=\"accordion-item\">\n                                  <div class=\"h2 accordion-header\" id=\"heading5\">\n                                    <button class=\"accordion-button\" type=\"button\" data-bs-toggle=\"collapse\" data-bs-target=\"#collapse5\" aria-expanded=\"false\" aria-controls=\"collapse5\">\n                                      Wo ist der Campus Luzern und wie komme ich dorthin?\n                                    <\/button>\n                                  <\/div>\n                                  <div id=\"collapse5\" class=\"accordion-collapse collapse\" aria-labelledby=\"heading5\" data-bs-parent=\"#accordion\">\n                                    <div class=\"accordion-body\"> <div class=\"component\">\n                                            <p class=\"body-medium\">Unsere Schule in Luzern befindet sich an der <b>Maihofstrasse 95a, 6006 Luzern.<\/b><br><br>\n<b>Mit dem Auto:<\/b> Besucherparkpl\u00e4tze stehen vor der Schule zur Verf\u00fcgung oder im Maihof-Parkhaus (wir entwerten Ihr Parkticket).<br><br>\n<b>Mit den \u00f6ffentlichen Verkehrsmitteln:<\/b> Die Schule liegt direkt an der Haltestelle <b>Luzern Maihof.<\/b>\n<\/p>\n                                        <\/div><\/div>\n                                <\/div>\n                            <\/div><\/div>\n                           <\/div>\n                        <\/div>\n                    <\/div>\n                <\/div>\n            <\/section>\n            <\/div><div class=\"wrapper\"><section  style='' class=\"section    pt-0 container-width \"><div class=\"container-fluid\"><div class=\"row m-0 align-items-center centerText \" >\n                        <div class=\"col-sm-12 col-md-10 col-lg-9 mx-auto\"><div class=\"sub-heading component\"><h5><\/h5>\n<p>&nbsp;<\/p>\n<h5><strong><span class=\"TextRun SCXW154807479 BCX8\" data-contrast=\"auto\"><span class=\"NormalTextRun SCXW154807479 BCX8\">Wir freuen uns auf Sie!<\/span><\/span><\/strong><\/h5>\n<p>&nbsp;<\/p>\n<p><span class=\"TextRun SCXW154807479 BCX8\" data-contrast=\"auto\"><span class=\"NormalTextRun SCXW154807479 BCX8\">Wir sind gespannt darauf, mehr \u00fcber Ihre Familie zu erfahren und Ihnen unseren zweisprachigen Ansatz zur Bildung vorzustellen.<\/span><\/span><span class=\"EOP SCXW154807479 BCX8\" data-ccp-props=\"{}\">\u00a0<\/span><\/p>\n<\/div><style>\n                        .flex-button {\n                        margin-top: 25px;\n                    } \n                        \n                    @media (max-width: 767px){\n                     .flex-button {\n                      display: block;\n                      margin-left: 0;\n                    }\n                    .flex-button .text-center{\n                     text-align: left !important;\n                    }\n                    }\n\n\n                        <\/style><\/div><\/div><\/section><\/div>[\/vc_column][\/vc_row][vc_row css=&#8221;.vc_custom_1732181531840{background-image: url(https:\/\/www.four-forestschool.ch\/wp-content\/uploads\/sites\/142\/2024\/06\/pattern-2-placeholder.png?id=16487) !important;}&#8221;][vc_column]\n            <div class=\"wrapper\">\n    <section  style='' class=\"section    container-width    \" ><div class=\"container-fluid\"><div class=\"row    \"><div class=\" col-lg-6 col-md-6      \" ><div class=\"component mb-1 mt-0  radius-bottom-LR \" style='px'><div class=\"sub-heading component\"><h2  class=\"h5  \">Erleben Sie unsere f\u00f6rdernde Lernumgebung pers\u00f6nlich<\/h2><\/div>\n                        <div class=\"sub-heading component \">\n                        <p class=\"body-medium\">Es gibt keinen besseren Weg, alles, was die Four Forest zu bieten hat, kennenzulernen, als bei einer privaten F\u00fchrung. Nutzen Sie die Gelegenheit, unsere Schulleitung zu treffen, einen detaillierten \u00dcberblick \u00fcber unseren Lehrplan zu erhalten und alle Fragen zu stellen, die Sie haben.<br \/>\n<br \/>\nBei einem Rundgang durch die Schule k\u00f6nnen Sie sich selbst von der f\u00f6rdernden und innovativen Lernumgebung \u00fcberzeugen, die wir mit viel Einsatz geschaffen haben. Wir laden auch zuk\u00fcnftige Sch\u00fcler herzlich ein, an einem Schnuppertag teilzunehmen, um sich in ihre neue Schulumgebung einzuf\u00fchlen.<\/p>\n                        <\/div><\/div><style>.button_style_4849{ background-color:#1d3c34!important; }<\/style><style>.button_style_4849:hover { background-color: #adcc91!important; border-color:!important; }<\/style><div class=\"component link\"><a href=\"\/de\/eine-schultour-buchen\/\" class=\"button_style_4849 btn btn-primary\">Pers\u00f6nliche F\u00fchrung buchen<\/a><\/div><\/div>\n                    <div class=\"col-lg-6 col-md-6    \"><div class=\"component single-img \"><div class=\"ratio ratio-4x3 callout-img halfcol--img image_overlay_6690\" style=\"background-image: url(https:\/\/www.four-forestschool.ch\/wp-content\/uploads\/sites\/142\/2024\/07\/DSC_1497-Beatrice-Buhlmann.jpg);\"><\/div><\/div> <\/div>\n             <\/div>\n        <\/div>\n<\/section>\n            <\/div>[\/vc_column][\/vc_row][vc_row][vc_column]<section  class=\"section callout-img full--img  dark-color  bg-overlay-color \" style=\"background-image: url('https:\/\/www.four-forestschool.ch\/wp-content\/uploads\/sites\/142\/2024\/07\/blur-1.png'); background-size: cover;\"margin-bottom:5px;><div class=\"img-overlay overlay2650\"><\/div><div class=\"container-fluid\">\n                                <div class=\"row \"><style>\n                @media (max-width: 767px) {\n                    .img_overlay_uniq5876 {\n                        width: 90%;\n                    }\n                }\n                <\/style><div class=\"col-lg-12 col-md-12\">\n                                    <div class=\"heading component\">\n                                    <div class=\"\" >\n                                    <div class=\"img-overlay-middle img_overlay_uniq5876\" style=\" \">\n                                    <div><style>\n                                            .callout-img blockquote::before {\n                                                content: open-quote;\n                                            }\n                                            .callout-img blockquote::after {\n                                                content: close-quote;\n                                            }\n                                            <\/style><div class=\"heading component\">\n                                                    <blockquote class=\"h4\">Die Four Forest Schule ist fantastisch! Das bilinguale Schulkonzept hat unseren beiden Kindern in so kurzer Zeit sowohl Englisch als auch Deutsch beigebracht. Die Lehrer sind gro\u00dfartig und die Klassen sind klein. Wir k\u00f6nnen die FOUR-FOREST Schule uneingeschr\u00e4nkt empfehlen.<\/blockquote>\n                                                <\/div><div class=\"heading component\">\n                                                                        <p class=\"body-large\">&#8211; FOUR-FOREST Elternteil<\/p>\n                                                                    <\/div><div class=\"component link cust-link\"><\/div><\/div>\n                                                    <\/div>\n                                                <\/div>\n                                            <\/div>\n                                        \n                                        <\/div>\n                                    <\/div>\n                                <\/div>\n                            <\/section>[\/vc_column][\/vc_row][vc_row][vc_column][\/vc_column][vc_column]<section  class=\"section   section--white   \" style='background-color:#adcc91;margin-bottom:5px;'>\n                        <div class=\"container-fluid pt-0\">       <div class=\"row m-0 align-items-center centerText\">\n                                <div class=\"col-sm-12 col-md-12 col-lg-10 mx-auto\">               <div class=\"sub-heading component\">\n                                        <h4 class=\"h4\">Four Forest im \u00dcberblick\n                                        <\/h4>\n                                    <\/div>            <\/div>\n                            <\/div><div class=\"row m-0 mt-5\">\n                                <div class=\"col-md-11 col-lg-11 col-xl-12 mx-auto  p-0 px-md-3\">\n                                    <div class=\"component slick-carousel\">\n                                        <div class=\"component slick-carousel\">\n                                            <div class=\"slick-slider--with-icon slick-slider full--slider\"><div>\n                                               \n                                                    <div class=\"component single-img\">\n                                                        <div class=\"callout-img leftBottom-content\" style=\"background-image: url('https:\/\/www.four-forestschool.ch\/wp-content\/uploads\/sites\/142\/2024\/07\/DSC_1033-Beatrice-Buhlmann.jpg');\">\n                                                        <\/div>                                \n                                                    <\/div>\n                                                    <div class=\"component sub-heading\">\n                                                        <figcaption><\/figcaption>\n                                                    <\/div>\n                                                <\/div><div>\n                                               \n                                                    <div class=\"component single-img\">\n                                                        <div class=\"callout-img leftBottom-content\" style=\"background-image: url('https:\/\/www.four-forestschool.ch\/wp-content\/uploads\/sites\/142\/2024\/07\/DSC_1167-Beatrice-Buhlmann.jpg');\">\n                                                        <\/div>                                \n                                                    <\/div>\n                                                    <div class=\"component sub-heading\">\n                                                        <figcaption><\/figcaption>\n                                                    <\/div>\n                                                <\/div><div>\n                                               \n                                                    <div class=\"component single-img\">\n                                                        <div class=\"callout-img leftBottom-content\" style=\"background-image: url('https:\/\/www.four-forestschool.ch\/wp-content\/uploads\/sites\/142\/2024\/07\/DSC_1622-Beatrice-Buhlmann.jpg');\">\n                                                        <\/div>                                \n                                                    <\/div>\n                                                    <div class=\"component sub-heading\">\n                                                        <figcaption><\/figcaption>\n                                                    <\/div>\n                                                <\/div><div>\n                                               \n                                                    <div class=\"component single-img\">\n                                                        <div class=\"callout-img leftBottom-content\" style=\"background-image: url('https:\/\/www.four-forestschool.ch\/wp-content\/uploads\/sites\/142\/2024\/07\/DSC_1390-Beatrice-Buhlmann.jpg');\">\n                                                        <\/div>                                \n                                                    <\/div>\n                                                    <div class=\"component sub-heading\">\n                                                        <figcaption><\/figcaption>\n                                                    <\/div>\n                                                <\/div><div>\n                                               \n                                                    <div class=\"component single-img\">\n                                                        <div class=\"callout-img leftBottom-content\" style=\"background-image: url('https:\/\/www.four-forestschool.ch\/wp-content\/uploads\/sites\/142\/2024\/07\/DSC_1200-Beatrice-Buhlmann.jpg');\">\n                                                        <\/div>                                \n                                                    <\/div>\n                                                    <div class=\"component sub-heading\">\n                                                        <figcaption><\/figcaption>\n                                                    <\/div>\n                                                <\/div><\/div>\n                                        <\/div>\n                                    <\/div>\n                                <\/div>\n                            <\/div>\n                        <\/div>\n    \n                    <\/section>[\/vc_column][\/vc_row][vc_row section_margin_top=&#8221;10&#8243; section_margin_bottom=&#8221;10&#8243; bg_color=&#8221;site-background-colour&#8221; section_text_color=&#8221;&#8221; spacer=&#8221;&#8221; section_padding=&#8221;&#8221; section_background_image=&#8221;&#8221; main_title=&#8221;&#8221; main_title_at=&#8221;&#8221; second_title=&#8221;&#8221; left_class=&#8221;&#8221; left_bg_color=&#8221;&#8221; bigger_left_section=&#8221;&#8221; margin_below_title=&#8221;&#8221; space_between_section=&#8221;&#8221; no_space_between_section=&#8221;&#8221; left_check_card_top=&#8221;&#8221; card_left_top_margin=&#8221;&#8221; card_left_bottom_margin=&#8221;&#8221; left_group_items=&#8221;%5B%7B%22left_select_element%22%3A%22opt_textarea%22%2C%22left_slider_items%22%3A%22%255B%257B%2522slider_image_bg_opacity%2522%253A%25220.5%2522%257D%255D%22%2C%22gp_form_disable_title_for_page%22%3A%22true%22%2C%22gp_form_disable_desc_for_page%22%3A%22true%22%2C%22gp_form_open_day%22%3A%22true%22%2C%22gp_form_open_day_items%22%3A%22%255B%257B%257D%255D%22%2C%22left_ta_font_size%22%3A%22h2%22%2C%22isCustomSize%22%3A%22true%22%2C%22leftPaddingText%22%3A%22no%22%2C%22isLeftRemoveSpace%22%3A%22true%22%2C%22isRemoveLeftBottomSpace%22%3A%22true%22%2C%22left_textarea_title%22%3A%22Join%20us%20for%20a%20Personal%20Tour%22%2C%22card_items%22%3A%22%255B%257B%2522left_ta_font_size%2522%253A%2522extra-display-h1%2522%257D%255D%22%2C%22left_image_bg_opacity%22%3A%220.5%22%2C%22left_image_link_target%22%3A%22_blank%22%2C%22left_list_items%22%3A%22%255B%257B%257D%255D%22%2C%22left_table_items%22%3A%22%255B%257B%257D%255D%22%2C%22left_expand_items%22%3A%22%255B%257B%2522expand_list_items%2522%253A%2522%25255B%25257B%25257D%25255D%2522%257D%255D%22%7D%5D&#8221; check_mobile_top=&#8221;&#8221; bigger_right_section=&#8221;&#8221; space_between_right_section=&#8221;&#8221; margin_between_image_right_section=&#8221;&#8221; check_card_top=&#8221;&#8221; card_top_margin=&#8221;&#8221; card_bottom_margin=&#8221;&#8221; remove_padding_right_section=&#8221;&#8221; right_class=&#8221;&#8221; right_bg_color=&#8221;&#8221; right_group_items=&#8221;%5B%7B%22right_select_element%22%3A%22opt_textarea%22%2C%22gp_form_disable_title_for_page%22%3A%22true%22%2C%22gp_form_disable_desc_for_page%22%3A%22true%22%2C%22gp_form_open_day%22%3A%22true%22%2C%22gp_form_open_day_items%22%3A%22%255B%257B%257D%255D%22%2C%22right_rating_number%22%3A%225%22%2C%22right_ta_font_size%22%3A%22extra-display-h1%22%2C%22isCustomSize%22%3A%22true%22%2C%22rightPaddingText%22%3A%22no%22%2C%22isRightRemoveSpace%22%3A%22true%22%2C%22isRemoveRightBottomSpace%22%3A%22true%22%2C%22right_textarea_item%22%3A%22We%20warmly%20welcome%20families%20throughout%20the%20year%2C%20offering%20tailored%20personal%20tours%20on%20a%20day%20that%20suits%20you%2C%20including%20school%20holidays.%5Cn%22%2C%22right_image_bg_opacity%22%3A%220.5%22%2C%22iconwithbutton_items%22%3A%22%255B%257B%2522right_textarea_icon_type%2522%253A%2522fontawesome%2522%252C%2522right_textarea_icon%2522%253A%2522fab%2520fa-accessible-icon%2522%257D%255D%22%2C%22card_items%22%3A%22%255B%257B%2522right_ta_font_size%2522%253A%2522extra-display-h1%2522%257D%255D%22%2C%22card_items_double%22%3A%22%255B%257B%2522right_card_select_element_double%2522%253A%2522opt_textarea%2522%252C%2522right_ta_font_size_double%2522%253A%2522extra-display-h1%2522%257D%255D%22%2C%22right_image_link_target%22%3A%22_blank%22%2C%22right_list_items%22%3A%22%255B%257B%257D%255D%22%2C%22right_table_items%22%3A%22%255B%257B%257D%255D%22%2C%22right_slider_items%22%3A%22%255B%257B%2522slider_image_bg_opacity%2522%253A%25220.5%2522%257D%255D%22%2C%22right_thumbnails_items%22%3A%22%255B%257B%257D%255D%22%2C%22right_expand_items%22%3A%22%255B%257B%2522expand_list_items%2522%253A%2522%25255B%25257B%25257D%25255D%2522%257D%255D%22%7D%2C%7B%22right_select_element%22%3A%22opt_button%22%2C%22gp_form_disable_title_for_page%22%3A%22true%22%2C%22gp_form_disable_desc_for_page%22%3A%22true%22%2C%22gp_form_open_day%22%3A%22true%22%2C%22gp_form_open_day_items%22%3A%22%255B%257B%257D%255D%22%2C%22right_rating_number%22%3A%225%22%2C%22right_ta_font_size%22%3A%22extra-display-h1%22%2C%22isCustomSize%22%3A%22true%22%2C%22rightPaddingText%22%3A%22no%22%2C%22isRightRemoveSpace%22%3A%22true%22%2C%22isRemoveRightBottomSpace%22%3A%22true%22%2C%22right_image_bg_opacity%22%3A%220.5%22%2C%22iconwithbutton_items%22%3A%22%255B%257B%2522right_textarea_icon_type%2522%253A%2522fontawesome%2522%252C%2522right_textarea_icon%2522%253A%2522fab%2520fa-accessible-icon%2522%257D%255D%22%2C%22card_items%22%3A%22%255B%257B%2522right_ta_font_size%2522%253A%2522extra-display-h1%2522%257D%255D%22%2C%22card_items_double%22%3A%22%255B%257B%2522right_card_select_element_double%2522%253A%2522opt_textarea%2522%252C%2522right_ta_font_size_double%2522%253A%2522extra-display-h1%2522%257D%255D%22%2C%22right_image_link_target%22%3A%22_blank%22%2C%22right_btn_link_style%22%3A%22primary%20btn-primary&#8211;border%22%2C%22right_btn_link%22%3A%22url%3A%252Fopen-days-and-visits%252F%7Ctitle%3ABook%2520a%2520Personal%2520Tour%22%2C%22right_list_items%22%3A%22%255B%257B%257D%255D%22%2C%22right_table_items%22%3A%22%255B%257B%257D%255D%22%2C%22right_slider_items%22%3A%22%255B%257B%2522slider_image_bg_opacity%2522%253A%25220.5%2522%257D%255D%22%2C%22right_thumbnails_items%22%3A%22%255B%257B%257D%255D%22%2C%22right_expand_items%22%3A%22%255B%257B%2522expand_list_items%2522%253A%2522%25255B%25257B%25257D%25255D%2522%257D%255D%22%7D%5D&#8221; id=&#8221;&#8221; section_class=&#8221;&#8221; section_animation=&#8221;&#8221; css=&#8221;.vc_custom_1724935267121{background-image: url(https:\/\/www.four-forestschool.ch\/wp-content\/uploads\/sites\/142\/2024\/06\/pattern-1-placeholder.png?id=16483) !important;background-position: center !important;background-repeat: no-repeat !important;background-size: cover !important;}&#8221;][vc_column]\n    <section  style='margin-top:5px;' class=\"section   section--blue     \" ><div class=\"container-fluid\"><div class=\"row    \"><div class=\" col-lg-6 col-md-6      \" ><div class=\"component mb-1 mt-0  radius-bottom-LR \" style='px'><div class=\"sub-heading component\"><h2  class=\"h2  \"><b>Pers\u00f6nliche F\u00fchrung buchen<\/b><\/h2><\/div><\/div><\/div>\n                    <div class=\"col-lg-6 col-md-6    \"><div class=\"component mb-1 mt-0  radius-bottom-LR \" style='px'>\n                        <div class=\"sub-heading component \">\n                        <p class=\"body-medium\">Wir hei\u00dfen Familien das ganze Jahr \u00fcber herzlich willkommen und bieten ma\u00dfgeschneiderte pers\u00f6nliche F\u00fchrungen an einem f\u00fcr Sie passenden Tag, auch in den Schulferien.<br \/>\n<\/p>\n                        <\/div><\/div><div class=\"component link\"><a href=\"\/de\/eine-schultour-buchen\/\" class=\" btn btn-primary\">Buchen Sie eine pers\u00f6nliche F\u00fchrung<\/a><\/div> <\/div>\n             <\/div>\n        <\/div>\n<\/section>[\/vc_column][\/vc_row][vc_row][vc_column]\n            <div class=\"wrapper\">\n    <section  id=\"location\"  style='' class=\"section    container-width pb-0   \" ><div class=\"container-fluid\"><div class=\"row\">\n                <div class=\"col-md-12 col-lg-10\">  <div class=\"component title\">\n                                        <p class=\"body-small\">STANDORTE<\/p>\n                                    <\/div><\/div>\n                <\/div><div class=\"row    \"><div class=\" col-lg-6 col-md-6      \" > <div class=\"component \">\n                                     <div class=\"card border-0 section--white\" >\n                                         <div class=\"card-body \" style=\"margin-top:40px !important;margin-bottom:40px !important;\"><div class=\"component mb-1 mt-0  radius-bottom-LR \" style='px'><div class=\"sub-heading component\"><h2  class=\"h6  \">Four Forest Luzern<\/h2><\/div>\n                        <div class=\"sub-heading component \">\n                        <p class=\"body-medium\">Bilingual International School<br \/>\nMaihofstrasse 95a<br \/>\nCH-6006 Luzern<\/p>\n                        <\/div><\/div><div class=\"component link\"><a href=\"tel:+41 (0) 41 320 25 31\" class=\" btn btn-link\">Tel: +41 (0) 41 320 25 31<\/a><\/div><div class=\"component link\"><a href=\"mailto:office-luzern@four-forestschool.ch?subject=Website Anfrage\" class=\" btn btn-link\">E-Mail: office-luzern@four-forestschool.ch<\/a><\/div>   <\/div>\n                                    <\/div>\n                                <\/div><\/div>\n                    <div class=\"col-lg-6 col-md-6    \"><div class=\"component mb-1 mt-0  radius-bottom-LR \" style='px'>\n                        <div class=\"sub-heading component \">\n                        <p class=\"body-medium\"><iframe src=\"https:\/\/www.google.com\/maps\/embed?pb=!1m14!1m8!1m3!1d5435.241644001162!2d8.313802!3d47.067288!3m2!1i1024!2i768!4f13.1!3m3!1m2!1s0x478ffb873c4c8aa9%3A0xd49c3af9b2bef678!2sFour-Forest%20Bilingual%20International%20School!5e0!3m2!1sen!2sus!4v1722244506932!5m2!1sen!2sus\" width=\"100%\" height=\"318\" style=\"border:0;\" allowfullscreen=\"\" loading=\"lazy\" referrerpolicy=\"no-referrer-when-downgrade\"><\/iframe><\/p>\n                        <\/div><\/div> <\/div>\n             <\/div>\n        <\/div>\n<\/section>\n            <\/div>\n            <div class=\"wrapper\">\n    <section  style='' class=\"section    container-width    \" ><div class=\"container-fluid\"><div class=\"row    \"><div class=\" col-lg-6 col-md-6      \" > <div class=\"component \">\n                                     <div class=\"card border-0 section--white\" >\n                                         <div class=\"card-body \" style=\"margin-top:40px !important;margin-bottom:40px !important;\"><div class=\"component mb-1 mt-0  radius-bottom-LR \" style='px'><div class=\"sub-heading component\"><h2  class=\"h6  \">Four Forest Zug<\/h2><\/div>\n                        <div class=\"sub-heading component \">\n                        <p class=\"body-medium\">Bilingual International School<br \/>\nChollerstrasse 23<br \/>\nCH-6312 Zug-Steinhausen<\/p>\n                        <\/div><\/div><div class=\"component link\"><a href=\"tel:+41 41 783 27 27\" class=\" btn btn-link\">Tel: +41 41 783 27 27<\/a><\/div><div class=\"component link\"><a href=\"mailto:office-zug@four-forestschool.ch?subject=Website Anfrage\" class=\" btn btn-link\">E-Mail: office-zug@four-forestschool.ch<\/a><\/div>   <\/div>\n                                    <\/div>\n                                <\/div><\/div>\n                    <div class=\"col-lg-6 col-md-6    \"><div class=\"component mb-1 mt-0  radius-bottom-LR \" style='px'>\n                        <div class=\"sub-heading component \">\n                        <p class=\"body-medium\"><iframe src=\"https:\/\/www.google.com\/maps\/embed?pb=!1m14!1m8!1m3!1d5423.190775232618!2d8.488213!3d47.185358!3m2!1i1024!2i768!4f13.1!3m3!1m2!1s0x479000e264647cad%3A0x14af7c89a3b0f97f!2sFOUR-FOREST%20Bilingual%20International%20School%20Zug!5e0!3m2!1sen!2sus!4v1722244614404!5m2!1sen!2sus\" width=\"100%\" height=\"318\" style=\"border:0;\" allowfullscreen=\"\" loading=\"lazy\" referrerpolicy=\"no-referrer-when-downgrade\"><\/iframe><\/p>\n                        <\/div><\/div> <\/div>\n             <\/div>\n        <\/div>\n<\/section>\n            <\/div>[\/vc_column][\/vc_row][vc_row][vc_column]<div class=\"wrapper\"><section  style='' class=\"section    pb-0 container-width \"><div class=\"container-fluid\"><div class=\"row m-0 align-items-center centerText \" >\n                        <div class=\"col-sm-12 col-md-10 col-lg-9 mx-auto\"><div class=\"sub-heading component\">\n                                        <h2 class=\"h5\">N\u00e4chste Schritte<\/h2>\n                                    <\/div><div class=\"sub-heading component\"><\/div><style>\n                        .flex-button {\n                        margin-top: 25px;\n                    } \n                        \n                    @media (max-width: 767px){\n                     .flex-button {\n                      display: block;\n                      margin-left: 0;\n                    }\n                    .flex-button .text-center{\n                     text-align: left !important;\n                    }\n                    }\n\n\n                        <\/style><\/div><\/div><\/section><\/div><div class=\"wrapper\"><section  class=\"section  container-width next-step-four pt-0 middle-section \" style=''><div class=\"container-fluid \" ><style>\n            .background-box .heading .h5:after {\n                display:none;\n            }\n            <\/style><div class=\"row m-0 justify-content-center pt-3 pt-md-3\"><style>\n                .thumbnail_img_overlay_5496 .callout-img.halfcol--img .img-overlay {\n                    background: rgba(173,204,145,0.4);\n                    \n                }\n\n                .thumbnail_img_overlay_5496 .tech-images .callout-img.halfcol--img {\n                    background: rgba(173,204,145,0.4);\n                    \n                }\n\n                <\/style><div class=\"col-lg-3 col-md-3 col-sm-3 mb-3 pb-2\">\n                            <div class=\"card card--white tech-images next-steps-module  thumbnail_img_overlay_5496\">   <a class=\"\" href = \"\/de\/offene-tage-besichtigungen\/\" ><div class=\"ratio ratio-21x9 callout-img halfcol--img leftBottom-content\" style=\"background-image: url(https:\/\/www.four-forestschool.ch\/wp-content\/uploads\/sites\/142\/2024\/07\/DSC_1480-Beatrice-Buhlmann.jpg);background-position:center;\">\n                                 \n                                 <div class=\"img-overlay \">\n                                 \n                                     <div class=\"heading component\">\n                                        <h5 class=\"h5\" >Besichtigungen<\/h5>\n                                     <\/div>\n                                   \n                                \n                             <\/div>\n                                 \n                                 <\/div><\/a>\n                            <\/div>\n                        <\/div><style>\n                .thumbnail_img_overlay_5559 .callout-img.halfcol--img .img-overlay {\n                    background: rgba(173,204,145,0.4);\n                    \n                }\n\n                .thumbnail_img_overlay_5559 .tech-images .callout-img.halfcol--img {\n                    background: rgba(173,204,145,0.4);\n                    \n                }\n\n                <\/style><div class=\"col-lg-3 col-md-3 col-sm-3 mb-3 pb-2\">\n                            <div class=\"card card--white tech-images next-steps-module  thumbnail_img_overlay_5559\">   <a class=\"\" href = \"\/de\/akademische-exzellenz\/\" ><div class=\"ratio ratio-21x9 callout-img halfcol--img leftBottom-content\" style=\"background-image: url(https:\/\/www.four-forestschool.ch\/wp-content\/uploads\/sites\/142\/2024\/07\/DSC_1281-Beatrice-Buhlmann.jpg);background-position:center;\">\n                                 \n                                 <div class=\"img-overlay \">\n                                 \n                                     <div class=\"heading component\">\n                                        <h5 class=\"h5\" >Akademische Exzellenz<\/h5>\n                                     <\/div>\n                                   \n                                \n                             <\/div>\n                                 \n                                 <\/div><\/a>\n                            <\/div>\n                        <\/div><style>\n                .thumbnail_img_overlay_5608 .callout-img.halfcol--img .img-overlay {\n                    background: rgba(173,204,145,0.4);\n                    \n                }\n\n                .thumbnail_img_overlay_5608 .tech-images .callout-img.halfcol--img {\n                    background: rgba(173,204,145,0.4);\n                    \n                }\n\n                <\/style><div class=\"col-lg-3 col-md-3 col-sm-3 mb-3 pb-2\">\n                            <div class=\"card card--white tech-images next-steps-module  thumbnail_img_overlay_5608\">   <a class=\"\" href = \"\/de\/anlagen-lage\/\" ><div class=\"ratio ratio-21x9 callout-img halfcol--img leftBottom-content\" style=\"background-image: url(https:\/\/www.four-forestschool.ch\/wp-content\/uploads\/sites\/142\/2024\/07\/DSC_1771-Beatrice-Buhlmann.jpg);background-position:center;\">\n                                 \n                                 <div class=\"img-overlay \">\n                                 \n                                     <div class=\"heading component\">\n                                        <h5 class=\"h5\" >Einrichtungen & Standort<\/h5>\n                                     <\/div>\n                                   \n                                \n                             <\/div>\n                                 \n                                 <\/div><\/a>\n                            <\/div>\n                        <\/div><style>\n                .thumbnail_img_overlay_5595 .callout-img.halfcol--img .img-overlay {\n                    background: rgba(173,204,145,0.4);\n                    \n                }\n\n                .thumbnail_img_overlay_5595 .tech-images .callout-img.halfcol--img {\n                    background: rgba(173,204,145,0.4);\n                    \n                }\n\n                <\/style><div class=\"col-lg-3 col-md-3 col-sm-3 mb-3 pb-2\">\n                            <div class=\"card card--white tech-images next-steps-module  thumbnail_img_overlay_5595\">   <a class=\"\" href = \"\/de\/zulassungsprozess\/\" ><div class=\"ratio ratio-21x9 callout-img halfcol--img leftBottom-content\" style=\"background-image: url(https:\/\/www.four-forestschool.ch\/wp-content\/uploads\/sites\/142\/2024\/07\/DSC_1814-Beatrice-Buhlmann.jpg);background-position:center;\">\n                                 \n                                 <div class=\"img-overlay \">\n                                 \n                                     <div class=\"heading component\">\n                                        <h5 class=\"h5\" >Aufnahme<\/h5>\n                                     <\/div>\n                                   \n                                \n                             <\/div>\n                                 \n                                 <\/div><\/a>\n                            <\/div>\n                        <\/div><\/div><\/div>\n            <\/section><\/div>[\/vc_column][\/vc_row]<\/p>\n<\/div>","protected":false},"excerpt":{"rendered":"<p>[vc_row][vc_column][\/vc_column][\/vc_row][vc_row][vc_column][\/vc_column][\/vc_row][vc_row css=&#8221;.vc_custom_1732181531840{background-image: url(https:\/\/www.four-forestschool.ch\/wp-content\/uploads\/sites\/142\/2024\/06\/pattern-2-placeholder.png?id=16487) !important;}&#8221;][vc_column][\/vc_column][\/vc_row][vc_row][vc_column][\/vc_column][\/vc_row][vc_row][vc_column][\/vc_column][vc_column][\/vc_column][\/vc_row][vc_row section_margin_top=&#8221;10&#8243; section_margin_bottom=&#8221;10&#8243; bg_color=&#8221;site-background-colour&#8221; section_text_color=&#8221;&#8221; spacer=&#8221;&#8221; section_padding=&#8221;&#8221; section_background_image=&#8221;&#8221; main_title=&#8221;&#8221; main_title_at=&#8221;&#8221; second_title=&#8221;&#8221; left_class=&#8221;&#8221; left_bg_color=&#8221;&#8221; bigger_left_section=&#8221;&#8221; margin_below_title=&#8221;&#8221; space_between_section=&#8221;&#8221; no_space_between_section=&#8221;&#8221; left_check_card_top=&#8221;&#8221; card_left_top_margin=&#8221;&#8221; card_left_bottom_margin=&#8221;&#8221; left_group_items=&#8221;%5B%7B%22left_select_element%22%3A%22opt_textarea%22%2C%22left_slider_items%22%3A%22%255B%257B%2522slider_image_bg_opacity%2522%253A%25220.5%2522%257D%255D%22%2C%22gp_form_disable_title_for_page%22%3A%22true%22%2C%22gp_form_disable_desc_for_page%22%3A%22true%22%2C%22gp_form_open_day%22%3A%22true%22%2C%22gp_form_open_day_items%22%3A%22%255B%257B%257D%255D%22%2C%22left_ta_font_size%22%3A%22h2%22%2C%22isCustomSize%22%3A%22true%22%2C%22leftPaddingText%22%3A%22no%22%2C%22isLeftRemoveSpace%22%3A%22true%22%2C%22isRemoveLeftBottomSpace%22%3A%22true%22%2C%22left_textarea_title%22%3A%22Join%20us%20for%20a%20Personal%20Tour%22%2C%22card_items%22%3A%22%255B%257B%2522left_ta_font_size%2522%253A%2522extra-display-h1%2522%257D%255D%22%2C%22left_image_bg_opacity%22%3A%220.5%22%2C%22left_image_link_target%22%3A%22_blank%22%2C%22left_list_items%22%3A%22%255B%257B%257D%255D%22%2C%22left_table_items%22%3A%22%255B%257B%257D%255D%22%2C%22left_expand_items%22%3A%22%255B%257B%2522expand_list_items%2522%253A%2522%25255B%25257B%25257D%25255D%2522%257D%255D%22%7D%5D&#8221; check_mobile_top=&#8221;&#8221; bigger_right_section=&#8221;&#8221; space_between_right_section=&#8221;&#8221; margin_between_image_right_section=&#8221;&#8221; check_card_top=&#8221;&#8221; card_top_margin=&#8221;&#8221; card_bottom_margin=&#8221;&#8221; remove_padding_right_section=&#8221;&#8221; right_class=&#8221;&#8221; right_bg_color=&#8221;&#8221; right_group_items=&#8221;%5B%7B%22right_select_element%22%3A%22opt_textarea%22%2C%22gp_form_disable_title_for_page%22%3A%22true%22%2C%22gp_form_disable_desc_for_page%22%3A%22true%22%2C%22gp_form_open_day%22%3A%22true%22%2C%22gp_form_open_day_items%22%3A%22%255B%257B%257D%255D%22%2C%22right_rating_number%22%3A%225%22%2C%22right_ta_font_size%22%3A%22extra-display-h1%22%2C%22isCustomSize%22%3A%22true%22%2C%22rightPaddingText%22%3A%22no%22%2C%22isRightRemoveSpace%22%3A%22true%22%2C%22isRemoveRightBottomSpace%22%3A%22true%22%2C%22right_textarea_item%22%3A%22We%20warmly%20welcome%20families%20throughout%20the%20year%2C%20offering%20tailored%20personal%20tours%20on%20a%20day%20that%20suits%20you%2C%20including%20school%20holidays.%5Cn%22%2C%22right_image_bg_opacity%22%3A%220.5%22%2C%22iconwithbutton_items%22%3A%22%255B%257B%2522right_textarea_icon_type%2522%253A%2522fontawesome%2522%252C%2522right_textarea_icon%2522%253A%2522fab%2520fa-accessible-icon%2522%257D%255D%22%2C%22card_items%22%3A%22%255B%257B%2522right_ta_font_size%2522%253A%2522extra-display-h1%2522%257D%255D%22%2C%22card_items_double%22%3A%22%255B%257B%2522right_card_select_element_double%2522%253A%2522opt_textarea%2522%252C%2522right_ta_font_size_double%2522%253A%2522extra-display-h1%2522%257D%255D%22%2C%22right_image_link_target%22%3A%22_blank%22%2C%22right_list_items%22%3A%22%255B%257B%257D%255D%22%2C%22right_table_items%22%3A%22%255B%257B%257D%255D%22%2C%22right_slider_items%22%3A%22%255B%257B%2522slider_image_bg_opacity%2522%253A%25220.5%2522%257D%255D%22%2C%22right_thumbnails_items%22%3A%22%255B%257B%257D%255D%22%2C%22right_expand_items%22%3A%22%255B%257B%2522expand_list_items%2522%253A%2522%25255B%25257B%25257D%25255D%2522%257D%255D%22%7D%2C%7B%22right_select_element%22%3A%22opt_button%22%2C%22gp_form_disable_title_for_page%22%3A%22true%22%2C%22gp_form_disable_desc_for_page%22%3A%22true%22%2C%22gp_form_open_day%22%3A%22true%22%2C%22gp_form_open_day_items%22%3A%22%255B%257B%257D%255D%22%2C%22right_rating_number%22%3A%225%22%2C%22right_ta_font_size%22%3A%22extra-display-h1%22%2C%22isCustomSize%22%3A%22true%22%2C%22rightPaddingText%22%3A%22no%22%2C%22isRightRemoveSpace%22%3A%22true%22%2C%22isRemoveRightBottomSpace%22%3A%22true%22%2C%22right_image_bg_opacity%22%3A%220.5%22%2C%22iconwithbutton_items%22%3A%22%255B%257B%2522right_textarea_icon_type%2522%253A%2522fontawesome%2522%252C%2522right_textarea_icon%2522%253A%2522fab%2520fa-accessible-icon%2522%257D%255D%22%2C%22card_items%22%3A%22%255B%257B%2522right_ta_font_size%2522%253A%2522extra-display-h1%2522%257D%255D%22%2C%22card_items_double%22%3A%22%255B%257B%2522right_card_select_element_double%2522%253A%2522opt_textarea%2522%252C%2522right_ta_font_size_double%2522%253A%2522extra-display-h1%2522%257D%255D%22%2C%22right_image_link_target%22%3A%22_blank%22%2C%22right_btn_link_style%22%3A%22primary%20btn-primary&#8211;border%22%2C%22right_btn_link%22%3A%22url%3A%252Fopen-days-and-visits%252F%7Ctitle%3ABook%2520a%2520Personal%2520Tour%22%2C%22right_list_items%22%3A%22%255B%257B%257D%255D%22%2C%22right_table_items%22%3A%22%255B%257B%257D%255D%22%2C%22right_slider_items%22%3A%22%255B%257B%2522slider_image_bg_opacity%2522%253A%25220.5%2522%257D%255D%22%2C%22right_thumbnails_items%22%3A%22%255B%257B%257D%255D%22%2C%22right_expand_items%22%3A%22%255B%257B%2522expand_list_items%2522%253A%2522%25255B%25257B%25257D%25255D%2522%257D%255D%22%7D%5D&#8221; id=&#8221;&#8221; section_class=&#8221;&#8221; section_animation=&#8221;&#8221; css=&#8221;.vc_custom_1724935267121{background-image: url(https:\/\/www.four-forestschool.ch\/wp-content\/uploads\/sites\/142\/2024\/06\/pattern-1-placeholder.png?id=16483) !important;background-position: center !important;background-repeat: no-repeat !important;background-size: cover !important;}&#8221;][vc_column][\/vc_column][\/vc_row][vc_row][vc_column][\/vc_column][\/vc_row][vc_row][vc_column][\/vc_column][\/vc_row]<\/p>\n","protected":false},"author":390,"featured_media":0,"parent":0,"menu_order":23,"comment_status":"closed","ping_status":"closed","template":"","meta":{"_acf_changed":false,"footnotes":""},"class_list":["post-17354","page","type-page","status-publish","hentry"],"acf":[],"yoast_head":"<!-- This site is optimized with the Yoast SEO plugin v27.4 - https:\/\/yoast.com\/product\/yoast-seo-wordpress\/ -->\n<title>Book an Open Day or Visit - International School Zurich North<\/title>\n<meta name=\"description\" content=\"Come and discover what an ISZN education has to offer your child, with a virtual tour, or attend an open day to experience our school. Book now!\" \/>\n<meta name=\"robots\" content=\"index, follow, max-snippet:-1, max-image-preview:large, max-video-preview:-1\" \/>\n<link rel=\"canonical\" href=\"https:\/\/www.four-forestschool.ch\/de\/offene-tage-besichtigungen\/\" \/>\n<meta property=\"og:locale\" content=\"de_DE\" \/>\n<meta property=\"og:type\" content=\"article\" \/>\n<meta property=\"og:title\" content=\"Book an Open Day or Visit - International School Zurich North\" \/>\n<meta property=\"og:description\" content=\"Come and discover what an ISZN education has to offer your child, with a virtual tour, or attend an open day to experience our school. Book now!\" \/>\n<meta property=\"og:url\" content=\"https:\/\/www.four-forestschool.ch\/de\/offene-tage-besichtigungen\/\" \/>\n<meta property=\"og:site_name\" content=\"Four Forest Bilingual International School\" \/>\n<meta property=\"article:publisher\" content=\"https:\/\/www.facebook.com\/61566364066957\" \/>\n<meta property=\"article:modified_time\" content=\"2025-12-04T20:01:25+00:00\" \/>\n<meta name=\"twitter:card\" content=\"summary_large_image\" \/>\n<meta name=\"twitter:label1\" content=\"Est. reading time\" \/>\n\t<meta name=\"twitter:data1\" content=\"2 minutes\" \/>\n<script type=\"application\/ld+json\" class=\"yoast-schema-graph\">{\"@context\":\"https:\\\/\\\/schema.org\",\"@graph\":[{\"@type\":\"WebPage\",\"@id\":\"https:\\\/\\\/www.four-forestschool.ch\\\/de\\\/offene-tage-besichtigungen\\\/\",\"url\":\"https:\\\/\\\/www.four-forestschool.ch\\\/de\\\/offene-tage-besichtigungen\\\/\",\"name\":\"Book an Open Day or Visit - International School Zurich North\",\"isPartOf\":{\"@id\":\"https:\\\/\\\/www.four-forestschool.ch\\\/de\\\/#website\"},\"datePublished\":\"2021-09-28T12:12:25+00:00\",\"dateModified\":\"2025-12-04T20:01:25+00:00\",\"description\":\"Come and discover what an ISZN education has to offer your child, with a virtual tour, or attend an open day to experience our school. Book now!\",\"breadcrumb\":{\"@id\":\"https:\\\/\\\/www.four-forestschool.ch\\\/de\\\/offene-tage-besichtigungen\\\/#breadcrumb\"},\"inLanguage\":\"de-DE\",\"potentialAction\":[{\"@type\":\"ReadAction\",\"target\":[\"https:\\\/\\\/www.four-forestschool.ch\\\/de\\\/offene-tage-besichtigungen\\\/\"]}]},{\"@type\":\"BreadcrumbList\",\"@id\":\"https:\\\/\\\/www.four-forestschool.ch\\\/de\\\/offene-tage-besichtigungen\\\/#breadcrumb\",\"itemListElement\":[{\"@type\":\"ListItem\",\"position\":1,\"name\":\"Home\",\"item\":\"https:\\\/\\\/www.four-forestschool.ch\\\/de\\\/\"},{\"@type\":\"ListItem\",\"position\":2,\"name\":\"Offene Tage &#038; Besichtigungen\"}]},{\"@type\":\"WebSite\",\"@id\":\"https:\\\/\\\/www.four-forestschool.ch\\\/de\\\/#website\",\"url\":\"https:\\\/\\\/www.four-forestschool.ch\\\/de\\\/\",\"name\":\"FOUR FOREST Bilingual International School\",\"description\":\"Four Forest Bilingual International School Luzern and Zug.\",\"publisher\":{\"@id\":\"https:\\\/\\\/www.four-forestschool.ch\\\/de\\\/#organization\"},\"potentialAction\":[{\"@type\":\"SearchAction\",\"target\":{\"@type\":\"EntryPoint\",\"urlTemplate\":\"https:\\\/\\\/www.four-forestschool.ch\\\/de\\\/?s={search_term_string}\"},\"query-input\":{\"@type\":\"PropertyValueSpecification\",\"valueRequired\":true,\"valueName\":\"search_term_string\"}}],\"inLanguage\":\"de-DE\"},{\"@type\":\"Organization\",\"@id\":\"https:\\\/\\\/www.four-forestschool.ch\\\/de\\\/#organization\",\"name\":\"FOUR FOREST Bilingual International School\",\"url\":\"https:\\\/\\\/www.four-forestschool.ch\\\/de\\\/\",\"logo\":{\"@type\":\"ImageObject\",\"inLanguage\":\"de-DE\",\"@id\":\"https:\\\/\\\/www.four-forestschool.ch\\\/de\\\/#\\\/schema\\\/logo\\\/image\\\/\",\"url\":\"https:\\\/\\\/www.four-forestschool.ch\\\/wp-content\\\/uploads\\\/sites\\\/142\\\/2024\\\/09\\\/FFS_DGreenLogo_Horizontal.png\",\"contentUrl\":\"https:\\\/\\\/www.four-forestschool.ch\\\/wp-content\\\/uploads\\\/sites\\\/142\\\/2024\\\/09\\\/FFS_DGreenLogo_Horizontal.png\",\"width\":1375,\"height\":283,\"caption\":\"FOUR FOREST Bilingual International School\"},\"image\":{\"@id\":\"https:\\\/\\\/www.four-forestschool.ch\\\/de\\\/#\\\/schema\\\/logo\\\/image\\\/\"},\"sameAs\":[\"https:\\\/\\\/www.facebook.com\\\/61566364066957\",\"https:\\\/\\\/www.instagram.com\\\/fourforestschools\\\/\",\"https:\\\/\\\/ch.linkedin.com\\\/company\\\/four-forest-bilingual-international-school\"]}]}<\/script>\n<!-- \/ Yoast SEO plugin. -->","yoast_head_json":{"title":"Book an Open Day or Visit - International School Zurich North","description":"Come and discover what an ISZN education has to offer your child, with a virtual tour, or attend an open day to experience our school. Book now!","robots":{"index":"index","follow":"follow","max-snippet":"max-snippet:-1","max-image-preview":"max-image-preview:large","max-video-preview":"max-video-preview:-1"},"canonical":"https:\/\/www.four-forestschool.ch\/de\/offene-tage-besichtigungen\/","og_locale":"de_DE","og_type":"article","og_title":"Book an Open Day or Visit - International School Zurich North","og_description":"Come and discover what an ISZN education has to offer your child, with a virtual tour, or attend an open day to experience our school. Book now!","og_url":"https:\/\/www.four-forestschool.ch\/de\/offene-tage-besichtigungen\/","og_site_name":"Four Forest Bilingual International School","article_publisher":"https:\/\/www.facebook.com\/61566364066957","article_modified_time":"2025-12-04T20:01:25+00:00","twitter_card":"summary_large_image","twitter_misc":{"Est. reading time":"2 minutes"},"schema":{"@context":"https:\/\/schema.org","@graph":[{"@type":"WebPage","@id":"https:\/\/www.four-forestschool.ch\/de\/offene-tage-besichtigungen\/","url":"https:\/\/www.four-forestschool.ch\/de\/offene-tage-besichtigungen\/","name":"Book an Open Day or Visit - International School Zurich North","isPartOf":{"@id":"https:\/\/www.four-forestschool.ch\/de\/#website"},"datePublished":"2021-09-28T12:12:25+00:00","dateModified":"2025-12-04T20:01:25+00:00","description":"Come and discover what an ISZN education has to offer your child, with a virtual tour, or attend an open day to experience our school. Book now!","breadcrumb":{"@id":"https:\/\/www.four-forestschool.ch\/de\/offene-tage-besichtigungen\/#breadcrumb"},"inLanguage":"de-DE","potentialAction":[{"@type":"ReadAction","target":["https:\/\/www.four-forestschool.ch\/de\/offene-tage-besichtigungen\/"]}]},{"@type":"BreadcrumbList","@id":"https:\/\/www.four-forestschool.ch\/de\/offene-tage-besichtigungen\/#breadcrumb","itemListElement":[{"@type":"ListItem","position":1,"name":"Home","item":"https:\/\/www.four-forestschool.ch\/de\/"},{"@type":"ListItem","position":2,"name":"Offene Tage &#038; Besichtigungen"}]},{"@type":"WebSite","@id":"https:\/\/www.four-forestschool.ch\/de\/#website","url":"https:\/\/www.four-forestschool.ch\/de\/","name":"FOUR FOREST Bilingual International School","description":"Four Forest Bilingual International School Luzern and Zug.","publisher":{"@id":"https:\/\/www.four-forestschool.ch\/de\/#organization"},"potentialAction":[{"@type":"SearchAction","target":{"@type":"EntryPoint","urlTemplate":"https:\/\/www.four-forestschool.ch\/de\/?s={search_term_string}"},"query-input":{"@type":"PropertyValueSpecification","valueRequired":true,"valueName":"search_term_string"}}],"inLanguage":"de-DE"},{"@type":"Organization","@id":"https:\/\/www.four-forestschool.ch\/de\/#organization","name":"FOUR FOREST Bilingual International School","url":"https:\/\/www.four-forestschool.ch\/de\/","logo":{"@type":"ImageObject","inLanguage":"de-DE","@id":"https:\/\/www.four-forestschool.ch\/de\/#\/schema\/logo\/image\/","url":"https:\/\/www.four-forestschool.ch\/wp-content\/uploads\/sites\/142\/2024\/09\/FFS_DGreenLogo_Horizontal.png","contentUrl":"https:\/\/www.four-forestschool.ch\/wp-content\/uploads\/sites\/142\/2024\/09\/FFS_DGreenLogo_Horizontal.png","width":1375,"height":283,"caption":"FOUR FOREST Bilingual International School"},"image":{"@id":"https:\/\/www.four-forestschool.ch\/de\/#\/schema\/logo\/image\/"},"sameAs":["https:\/\/www.facebook.com\/61566364066957","https:\/\/www.instagram.com\/fourforestschools\/","https:\/\/ch.linkedin.com\/company\/four-forest-bilingual-international-school"]}]}},"jetpack_sharing_enabled":true,"_links":{"self":[{"href":"https:\/\/www.four-forestschool.ch\/de\/wp-json\/wp\/v2\/pages\/17354","targetHints":{"allow":["GET"]}}],"collection":[{"href":"https:\/\/www.four-forestschool.ch\/de\/wp-json\/wp\/v2\/pages"}],"about":[{"href":"https:\/\/www.four-forestschool.ch\/de\/wp-json\/wp\/v2\/types\/page"}],"author":[{"embeddable":true,"href":"https:\/\/www.four-forestschool.ch\/de\/wp-json\/wp\/v2\/users\/390"}],"replies":[{"embeddable":true,"href":"https:\/\/www.four-forestschool.ch\/de\/wp-json\/wp\/v2\/comments?post=17354"}],"version-history":[{"count":35,"href":"https:\/\/www.four-forestschool.ch\/de\/wp-json\/wp\/v2\/pages\/17354\/revisions"}],"predecessor-version":[{"id":20365,"href":"https:\/\/www.four-forestschool.ch\/de\/wp-json\/wp\/v2\/pages\/17354\/revisions\/20365"}],"wp:attachment":[{"href":"https:\/\/www.four-forestschool.ch\/de\/wp-json\/wp\/v2\/media?parent=17354"}],"curies":[{"name":"wp","href":"https:\/\/api.w.org\/{rel}","templated":true}]}}